{"id":2624,"date":"2021-03-20T14:20:19","date_gmt":"2021-03-20T14:20:19","guid":{"rendered":"https:\/\/www.theprintspace.com\/help\/?post_type=ht_kb&#038;p=2624"},"modified":"2021-04-15T16:09:35","modified_gmt":"2021-04-15T15:09:35","slug":"recyklingowana-tasma-papierowa-do-pakowania-zamowien","status":"publish","type":"ht_kb","link":"https:\/\/www.theprintspace.com\/help\/pl\/knowledge-base\/recyklingowana-tasma-papierowa-do-pakowania-zamowien\/","title":{"rendered":"Recyklingowana ta\u015bma papierowa u\u017cywana w naszych us\u0142ugach oprawiania"},"content":{"rendered":"\n<p><strong>Korzystamy w 100% z ekologicznych materia\u0142\u00f3w pochodz\u0105cych z recyklingu.<\/strong><\/p>\n\n\n\n<hr class=\"wp-block-separator\"\/>\n\n\n\n<p>W theprintspace przejmujemy si\u0119 zanieczyszczeniem \u015brodowiska spowodowanym plastikiem.<\/p>\n\n\n\n<ul><li>Materia\u0142y, kt\u00f3rych u\u017cywamy, s\u0105 starannie dobierane, aby zapewni\u0107, \u017ce Twoje zam\u00f3wienia dotr\u0105 do Ciebie w idealnym stanie, ale r\u00f3wnie\u017c, aby nie mia\u0142y negatywnego wp\u0142ywu na \u015brodowisko.<\/li><li>W naszej dzia\u0142alno\u015bci wykluczyli\u015bmy wszystkie ta\u015bmy opr\u00f3cz papierowej, kt\u00f3ra wykonana jest w 100% z w\u0142\u00f3kien pochodz\u0105cych z recyklingu.<\/li><\/ul>\n\n\n\n<hr class=\"wp-block-separator\"\/>\n\n\n\n<div class=\"wp-block-image\"><figure class=\"aligncenter size-large is-resized\"><a href=\"https:\/\/www.theprintspace.com\/pl\/ramy-na-wymiar\/\"><img loading=\"lazy\" src=\"https:\/\/www.theprintspace.com\/help\/wp-content\/uploads\/2021\/03\/ramy-na-wymiar-theprintspace-1024x585.png\" alt=\"\" class=\"wp-image-2610\" width=\"626\" height=\"357\" srcset=\"https:\/\/www.theprintspace.com\/help\/wp-content\/uploads\/2021\/03\/ramy-na-wymiar-theprintspace-1024x585.png 1024w, https:\/\/www.theprintspace.com\/help\/wp-content\/uploads\/2021\/03\/ramy-na-wymiar-theprintspace-300x171.png 300w, https:\/\/www.theprintspace.com\/help\/wp-content\/uploads\/2021\/03\/ramy-na-wymiar-theprintspace-768x439.png 768w, https:\/\/www.theprintspace.com\/help\/wp-content\/uploads\/2021\/03\/ramy-na-wymiar-theprintspace-50x29.png 50w, https:\/\/www.theprintspace.com\/help\/wp-content\/uploads\/2021\/03\/ramy-na-wymiar-theprintspace-60x34.png 60w, https:\/\/www.theprintspace.com\/help\/wp-content\/uploads\/2021\/03\/ramy-na-wymiar-theprintspace-100x57.png 100w, https:\/\/www.theprintspace.com\/help\/wp-content\/uploads\/2021\/03\/ramy-na-wymiar-theprintspace.png 1400w\" sizes=\"(max-width: 626px) 100vw, 626px\" \/><\/a><\/figure><\/div>\n\n\n\n<p><a href=\"https:\/\/www.theprintspace.com\/pl\/ramy-na-wymiar\/\"><\/a><\/p>\n\n\n\n<hr class=\"wp-block-separator\"\/>\n\n\n\n<h2>Chcesz dowiedzie\u0107 si\u0119 wi\u0119cej?<\/h2>\n\n\n\n<p><a href=\"https:\/\/www.theprintspace.com\/pl\/theprintspace-kontakt\/\">Skontaktuj si\u0119 <\/a>z naszym przyjaznym zespo\u0142em obs\u0142ugi klienta.<\/p>\n\n\n\n<hr class=\"wp-block-separator\"\/>\n","protected":false},"excerpt":{"rendered":"<p>Dowiedz si\u0119 wi\u0119cej o materia\u0142ach, kt\u00f3rych u\u017cywamy &#8211; w 100% recyklingowanych.<\/p>\n","protected":false},"author":2,"comment_status":"closed","ping_status":"closed","template":"","format":"standard","meta":[],"ht-kb-category":[236],"ht-kb-tag":[],"yoast_head":"<!-- This site is optimized with the Yoast SEO plugin v15.9 - https:\/\/yoast.com\/wordpress\/plugins\/seo\/ -->\n<title>Dowiedz jakich materia\u0142\u00f3w u\u017cywamy | theprintspace pomoc<\/title>\n<meta name=\"description\" content=\"Wyja\u015bniamy, dlaczego u\u017cywamy tylko materia\u0142\u00f3w ekologicznych pochodz\u0105cych z recyklingu, w tym recyklingowanej ta\u015bmy papierowej do pakowania.\" \/>\n<meta name=\"robots\" content=\"index, follow, max-snippet:-1, max-image-preview:large, max-video-preview:-1\" \/>\n<link rel=\"canonical\" href=\"https:\/\/www.theprintspace.com\/help\/pl\/knowledge-base\/recyklingowana-tasma-papierowa-do-pakowania-zamowien\/\" \/>\n<meta property=\"og:locale\" content=\"en_GB\" \/>\n<meta property=\"og:type\" content=\"article\" \/>\n<meta property=\"og:title\" content=\"Dowiedz jakich materia\u0142\u00f3w u\u017cywamy | theprintspace pomoc\" \/>\n<meta property=\"og:description\" content=\"Wyja\u015bniamy, dlaczego u\u017cywamy tylko materia\u0142\u00f3w ekologicznych pochodz\u0105cych z recyklingu, w tym recyklingowanej ta\u015bmy papierowej do pakowania.\" \/>\n<meta property=\"og:url\" content=\"https:\/\/www.theprintspace.com\/help\/pl\/knowledge-base\/recyklingowana-tasma-papierowa-do-pakowania-zamowien\/\" \/>\n<meta property=\"og:site_name\" content=\"Theprintspace help\" \/>\n<meta property=\"article:modified_time\" content=\"2021-04-15T15:09:35+00:00\" \/>\n<meta property=\"og:image\" content=\"https:\/\/www.theprintspace.com\/help\/wp-content\/uploads\/2021\/03\/ramy-na-wymiar-theprintspace-1024x585.png\" \/>\n<meta name=\"twitter:card\" content=\"summary_large_image\" \/>\n<meta name=\"twitter:label1\" content=\"Estimated reading time\">\n\t<meta name=\"twitter:data1\" content=\"1 minute\">\n<script type=\"application\/ld+json\" class=\"yoast-schema-graph\">{\"@context\":\"https:\/\/schema.org\",\"@graph\":[{\"@type\":\"WebSite\",\"@id\":\"https:\/\/www.theprintspace.com\/help\/#website\",\"url\":\"https:\/\/www.theprintspace.com\/help\/\",\"name\":\"Theprintspace help\",\"description\":\"\",\"potentialAction\":[{\"@type\":\"SearchAction\",\"target\":\"https:\/\/www.theprintspace.com\/help\/?s={search_term_string}\",\"query-input\":\"required name=search_term_string\"}],\"inLanguage\":\"en-GB\"},{\"@type\":\"ImageObject\",\"@id\":\"https:\/\/www.theprintspace.com\/help\/pl\/knowledge-base\/recyklingowana-tasma-papierowa-do-pakowania-zamowien\/#primaryimage\",\"inLanguage\":\"en-GB\",\"url\":\"https:\/\/www.theprintspace.com\/help\/wp-content\/uploads\/2021\/03\/ramy-na-wymiar-theprintspace.png\",\"width\":1400,\"height\":800},{\"@type\":\"WebPage\",\"@id\":\"https:\/\/www.theprintspace.com\/help\/pl\/knowledge-base\/recyklingowana-tasma-papierowa-do-pakowania-zamowien\/#webpage\",\"url\":\"https:\/\/www.theprintspace.com\/help\/pl\/knowledge-base\/recyklingowana-tasma-papierowa-do-pakowania-zamowien\/\",\"name\":\"Dowiedz jakich materia\\u0142\\u00f3w u\\u017cywamy | theprintspace pomoc\",\"isPartOf\":{\"@id\":\"https:\/\/www.theprintspace.com\/help\/#website\"},\"primaryImageOfPage\":{\"@id\":\"https:\/\/www.theprintspace.com\/help\/pl\/knowledge-base\/recyklingowana-tasma-papierowa-do-pakowania-zamowien\/#primaryimage\"},\"datePublished\":\"2021-03-20T14:20:19+00:00\",\"dateModified\":\"2021-04-15T15:09:35+00:00\",\"description\":\"Wyja\\u015bniamy, dlaczego u\\u017cywamy tylko materia\\u0142\\u00f3w ekologicznych pochodz\\u0105cych z recyklingu, w tym recyklingowanej ta\\u015bmy papierowej do pakowania.\",\"breadcrumb\":{\"@id\":\"https:\/\/www.theprintspace.com\/help\/pl\/knowledge-base\/recyklingowana-tasma-papierowa-do-pakowania-zamowien\/#breadcrumb\"},\"inLanguage\":\"en-GB\",\"potentialAction\":[{\"@type\":\"ReadAction\",\"target\":[\"https:\/\/www.theprintspace.com\/help\/pl\/knowledge-base\/recyklingowana-tasma-papierowa-do-pakowania-zamowien\/\"]}]},{\"@type\":\"BreadcrumbList\",\"@id\":\"https:\/\/www.theprintspace.com\/help\/pl\/knowledge-base\/recyklingowana-tasma-papierowa-do-pakowania-zamowien\/#breadcrumb\",\"itemListElement\":[{\"@type\":\"ListItem\",\"position\":1,\"item\":{\"@type\":\"WebPage\",\"@id\":\"https:\/\/www.theprintspace.com\/help\/nl\/knowledge-base\/\",\"url\":\"https:\/\/www.theprintspace.com\/help\/nl\/knowledge-base\/\",\"name\":\"Articles\"}},{\"@type\":\"ListItem\",\"position\":2,\"item\":{\"@type\":\"WebPage\",\"@id\":\"https:\/\/www.theprintspace.com\/help\/pl\/knowledge-base\/recyklingowana-tasma-papierowa-do-pakowania-zamowien\/\",\"url\":\"https:\/\/www.theprintspace.com\/help\/pl\/knowledge-base\/recyklingowana-tasma-papierowa-do-pakowania-zamowien\/\",\"name\":\"Recyklingowana ta\\u015bma papierowa u\\u017cywana w naszych us\\u0142ugach oprawiania\"}}]}]}<\/script>\n<!-- \/ Yoast SEO plugin. -->","_links":{"self":[{"href":"https:\/\/www.theprintspace.com\/help\/wp-json\/wp\/v2\/ht-kb\/2624"}],"collection":[{"href":"https:\/\/www.theprintspace.com\/help\/wp-json\/wp\/v2\/ht-kb"}],"about":[{"href":"https:\/\/www.theprintspace.com\/help\/wp-json\/wp\/v2\/types\/ht_kb"}],"author":[{"embeddable":true,"href":"https:\/\/www.theprintspace.com\/help\/wp-json\/wp\/v2\/users\/2"}],"replies":[{"embeddable":true,"href":"https:\/\/www.theprintspace.com\/help\/wp-json\/wp\/v2\/comments?post=2624"}],"version-history":[{"count":4,"href":"https:\/\/www.theprintspace.com\/help\/wp-json\/wp\/v2\/ht-kb\/2624\/revisions"}],"predecessor-version":[{"id":3452,"href":"https:\/\/www.theprintspace.com\/help\/wp-json\/wp\/v2\/ht-kb\/2624\/revisions\/3452"}],"wp:attachment":[{"href":"https:\/\/www.theprintspace.com\/help\/wp-json\/wp\/v2\/media?parent=2624"}],"wp:term":[{"taxonomy":"ht_kb_category","embeddable":true,"href":"https:\/\/www.theprintspace.com\/help\/wp-json\/wp\/v2\/ht-kb-category?post=2624"},{"taxonomy":"ht_kb_tag","embeddable":true,"href":"https:\/\/www.theprintspace.com\/help\/wp-json\/wp\/v2\/ht-kb-tag?post=2624"}],"curies":[{"name":"wp","href":"https:\/\/api.w.org\/{rel}","templated":true}]}}