{"id":1028,"date":"2021-02-24T18:18:01","date_gmt":"2021-02-24T18:18:01","guid":{"rendered":"https:\/\/www.theprintspace.com\/help\/?post_type=ht_kb&#038;p=1028"},"modified":"2021-04-15T15:48:52","modified_gmt":"2021-04-15T14:48:52","slug":"podatek-vat-za-wydruki","status":"publish","type":"ht_kb","link":"https:\/\/www.theprintspace.com\/help\/pl\/knowledge-base\/podatek-vat-za-wydruki\/","title":{"rendered":"Kiedy musz\u0119 zap\u0142aci\u0107 podatek od sprzeda\u017cy (VAT) od zam\u00f3wie\u0144 wydruk\u00f3w?"},"content":{"rendered":"\n<p><strong>Dowiedz si\u0119, kiedy b\u0119dziemy nalicza\u0107 podatek VAT za zam\u00f3wienia online.&nbsp;<\/strong><\/p>\n\n\n\n<hr class=\"wp-block-separator\"\/>\n\n\n\n<p>Podatek od sprzeda\u017cy (VAT) jest obliczany na podstawie adresu dostawy wydruku. Oto zasady:<\/p>\n\n\n\n<hr class=\"wp-block-separator\"\/>\n\n\n\n<h2>Je\u015bli Tw\u00f3j wydruk jest dostarczany do Wielkiej Brytanii<\/h2>\n\n\n\n<p>Je\u015bli Tw\u00f3j wydruk jest dostarczany do Wielkiej Brytanii, zawsze b\u0119dziemy nalicza\u0107 podatek od sprzeda\u017cy (VAT).<\/p>\n\n\n\n<hr class=\"wp-block-separator\"\/>\n\n\n\n<h2>Je\u015bli Tw\u00f3j wydruk jest dostarczany do kraju UE i nie jeste\u015b zarejestrowanym podatnikiem od sprzeda\u017cy\u00a0<\/h2>\n\n\n\n<p>Je\u015bli Tw\u00f3j wydruk jest dostarczany do kraju UE, a Ty nie jeste\u015b zarejestrowany\/-a w kraju zamieszkania UE jako podatnik od sprzeda\u017cy (VAT), zawsze b\u0119dziemy Ci nalicza\u0107 podatek od sprzeda\u017cy (VAT).<\/p>\n\n\n\n<hr class=\"wp-block-separator\"\/>\n\n\n\n<h2>Je\u015bli Tw\u00f3j wydruk jest dostarczany do kraju UE i jeste\u015b zarejestrowanym podatnikiem VAT<\/h2>\n\n\n\n<p>Je\u015bli Tw\u00f3j wydruk jest dostarczany do kraju UE, a Ty jeste\u015b zarejestrowanym podatnikiem od sprzeda\u017cy (VAT) w kraju zamieszkania w UE i podasz nam sw\u00f3j wa\u017cny numer rejestracji podatku od sprzeda\u017cy (VAT) w UE, nie b\u0119dziemy nalicza\u0107 podatku od sprzeda\u017cy (VAT).<\/p>\n\n\n\n<hr class=\"wp-block-separator\"\/>\n\n\n\n<h2>Je\u015bli Tw\u00f3j wydruk jest dostarczany poza kraje UE<\/h2>\n\n\n\n<p>Je\u015bli Tw\u00f3j wydruk jest dostarczany poza kraje UE, nie b\u0119dziemy nalicza\u0107 podatku od sprzeda\u017cy (VAT).<\/p>\n\n\n\n<hr class=\"wp-block-separator\"\/>\n\n\n\n<h2>Masz dodatkowe pytania?<\/h2>\n\n\n\n<p><a href=\"https:\/\/www.theprintspace.com\/pl\/theprintspace-kontakt\/\">Skontaktuj si\u0119 z nami<\/a> i porozmawiaj z naszym przyjaznym zespo\u0142em!<\/p>\n\n\n\n<hr class=\"wp-block-separator\"\/>\n\n\n\n<div class=\"wp-block-image\"><figure class=\"aligncenter size-large is-resized\"><a href=\"https:\/\/www.theprintspace.com\/pl\"><img loading=\"lazy\" src=\"https:\/\/www.theprintspace.com\/help\/wp-content\/uploads\/2021\/02\/wydruki-fotograficzne-fineart-theprintspace-1024x585.png\" alt=\"\" class=\"wp-image-1187\" width=\"614\" height=\"350\" srcset=\"https:\/\/www.theprintspace.com\/help\/wp-content\/uploads\/2021\/02\/wydruki-fotograficzne-fineart-theprintspace-1024x585.png 1024w, https:\/\/www.theprintspace.com\/help\/wp-content\/uploads\/2021\/02\/wydruki-fotograficzne-fineart-theprintspace-300x171.png 300w, https:\/\/www.theprintspace.com\/help\/wp-content\/uploads\/2021\/02\/wydruki-fotograficzne-fineart-theprintspace-768x439.png 768w, https:\/\/www.theprintspace.com\/help\/wp-content\/uploads\/2021\/02\/wydruki-fotograficzne-fineart-theprintspace-50x29.png 50w, https:\/\/www.theprintspace.com\/help\/wp-content\/uploads\/2021\/02\/wydruki-fotograficzne-fineart-theprintspace-60x34.png 60w, https:\/\/www.theprintspace.com\/help\/wp-content\/uploads\/2021\/02\/wydruki-fotograficzne-fineart-theprintspace-100x57.png 100w, https:\/\/www.theprintspace.com\/help\/wp-content\/uploads\/2021\/02\/wydruki-fotograficzne-fineart-theprintspace.png 1400w\" sizes=\"(max-width: 614px) 100vw, 614px\" \/><\/a><\/figure><\/div>\n\n\n\n<p><a href=\"https:\/\/app.creativehub.io\/home\"><\/a><\/p>\n","protected":false},"excerpt":{"rendered":"<p>Przeczytaj, kiedy obci\u0105\u017cymy Ci\u0119 podatkiem VAT za zam\u00f3wienia wydruk\u00f3w online.<\/p>\n","protected":false},"author":2,"comment_status":"closed","ping_status":"closed","template":"","format":"standard","meta":[],"ht-kb-category":[230],"ht-kb-tag":[],"yoast_head":"<!-- This site is optimized with the Yoast SEO plugin v15.9 - https:\/\/yoast.com\/wordpress\/plugins\/seo\/ -->\n<title>Kiedy musisz zap\u0142aci\u0107 podatek VAT od wydruk\u00f3w? | theprintspace pomoc<\/title>\n<meta name=\"description\" content=\"Wyja\u015bniamy, kiedy nale\u017cy zap\u0142aci\u0107 podatek VAT za wydruki online. Skorzystaj z przewodnik\u00f3w theprintspace zwi\u0105zanych z realizowaniem zam\u00f3wie\u0144.\" \/>\n<meta name=\"robots\" content=\"index, follow, max-snippet:-1, max-image-preview:large, max-video-preview:-1\" \/>\n<link rel=\"canonical\" href=\"https:\/\/www.theprintspace.com\/help\/pl\/knowledge-base\/podatek-vat-za-wydruki\/\" \/>\n<meta property=\"og:locale\" content=\"en_GB\" \/>\n<meta property=\"og:type\" content=\"article\" \/>\n<meta property=\"og:title\" content=\"Kiedy musisz zap\u0142aci\u0107 podatek VAT od wydruk\u00f3w? | theprintspace pomoc\" \/>\n<meta property=\"og:description\" content=\"Wyja\u015bniamy, kiedy nale\u017cy zap\u0142aci\u0107 podatek VAT za wydruki online. Skorzystaj z przewodnik\u00f3w theprintspace zwi\u0105zanych z realizowaniem zam\u00f3wie\u0144.\" \/>\n<meta property=\"og:url\" content=\"https:\/\/www.theprintspace.com\/help\/pl\/knowledge-base\/podatek-vat-za-wydruki\/\" \/>\n<meta property=\"og:site_name\" content=\"Theprintspace help\" \/>\n<meta property=\"article:modified_time\" content=\"2021-04-15T14:48:52+00:00\" \/>\n<meta property=\"og:image\" content=\"https:\/\/www.theprintspace.com\/help\/wp-content\/uploads\/2021\/02\/wydruki-fotograficzne-fineart-theprintspace-1024x585.png\" \/>\n<meta name=\"twitter:card\" content=\"summary_large_image\" \/>\n<meta name=\"twitter:label1\" content=\"Estimated reading time\">\n\t<meta name=\"twitter:data1\" content=\"1 minute\">\n<script type=\"application\/ld+json\" class=\"yoast-schema-graph\">{\"@context\":\"https:\/\/schema.org\",\"@graph\":[{\"@type\":\"WebSite\",\"@id\":\"https:\/\/www.theprintspace.com\/help\/#website\",\"url\":\"https:\/\/www.theprintspace.com\/help\/\",\"name\":\"Theprintspace help\",\"description\":\"\",\"potentialAction\":[{\"@type\":\"SearchAction\",\"target\":\"https:\/\/www.theprintspace.com\/help\/?s={search_term_string}\",\"query-input\":\"required name=search_term_string\"}],\"inLanguage\":\"en-GB\"},{\"@type\":\"ImageObject\",\"@id\":\"https:\/\/www.theprintspace.com\/help\/pl\/knowledge-base\/podatek-vat-za-wydruki\/#primaryimage\",\"inLanguage\":\"en-GB\",\"url\":\"https:\/\/www.theprintspace.com\/help\/wp-content\/uploads\/2021\/02\/wydruki-fotograficzne-fineart-theprintspace.png\",\"width\":1400,\"height\":800},{\"@type\":\"WebPage\",\"@id\":\"https:\/\/www.theprintspace.com\/help\/pl\/knowledge-base\/podatek-vat-za-wydruki\/#webpage\",\"url\":\"https:\/\/www.theprintspace.com\/help\/pl\/knowledge-base\/podatek-vat-za-wydruki\/\",\"name\":\"Kiedy musisz zap\\u0142aci\\u0107 podatek VAT od wydruk\\u00f3w? | theprintspace pomoc\",\"isPartOf\":{\"@id\":\"https:\/\/www.theprintspace.com\/help\/#website\"},\"primaryImageOfPage\":{\"@id\":\"https:\/\/www.theprintspace.com\/help\/pl\/knowledge-base\/podatek-vat-za-wydruki\/#primaryimage\"},\"datePublished\":\"2021-02-24T18:18:01+00:00\",\"dateModified\":\"2021-04-15T14:48:52+00:00\",\"description\":\"Wyja\\u015bniamy, kiedy nale\\u017cy zap\\u0142aci\\u0107 podatek VAT za wydruki online. Skorzystaj z przewodnik\\u00f3w theprintspace zwi\\u0105zanych z realizowaniem zam\\u00f3wie\\u0144.\",\"breadcrumb\":{\"@id\":\"https:\/\/www.theprintspace.com\/help\/pl\/knowledge-base\/podatek-vat-za-wydruki\/#breadcrumb\"},\"inLanguage\":\"en-GB\",\"potentialAction\":[{\"@type\":\"ReadAction\",\"target\":[\"https:\/\/www.theprintspace.com\/help\/pl\/knowledge-base\/podatek-vat-za-wydruki\/\"]}]},{\"@type\":\"BreadcrumbList\",\"@id\":\"https:\/\/www.theprintspace.com\/help\/pl\/knowledge-base\/podatek-vat-za-wydruki\/#breadcrumb\",\"itemListElement\":[{\"@type\":\"ListItem\",\"position\":1,\"item\":{\"@type\":\"WebPage\",\"@id\":\"https:\/\/www.theprintspace.com\/help\/nl\/knowledge-base\/\",\"url\":\"https:\/\/www.theprintspace.com\/help\/nl\/knowledge-base\/\",\"name\":\"Articles\"}},{\"@type\":\"ListItem\",\"position\":2,\"item\":{\"@type\":\"WebPage\",\"@id\":\"https:\/\/www.theprintspace.com\/help\/pl\/knowledge-base\/podatek-vat-za-wydruki\/\",\"url\":\"https:\/\/www.theprintspace.com\/help\/pl\/knowledge-base\/podatek-vat-za-wydruki\/\",\"name\":\"Kiedy musz\\u0119 zap\\u0142aci\\u0107 podatek od sprzeda\\u017cy (VAT) od zam\\u00f3wie\\u0144 wydruk\\u00f3w?\"}}]}]}<\/script>\n<!-- \/ Yoast SEO plugin. -->","_links":{"self":[{"href":"https:\/\/www.theprintspace.com\/help\/wp-json\/wp\/v2\/ht-kb\/1028"}],"collection":[{"href":"https:\/\/www.theprintspace.com\/help\/wp-json\/wp\/v2\/ht-kb"}],"about":[{"href":"https:\/\/www.theprintspace.com\/help\/wp-json\/wp\/v2\/types\/ht_kb"}],"author":[{"embeddable":true,"href":"https:\/\/www.theprintspace.com\/help\/wp-json\/wp\/v2\/users\/2"}],"replies":[{"embeddable":true,"href":"https:\/\/www.theprintspace.com\/help\/wp-json\/wp\/v2\/comments?post=1028"}],"version-history":[{"count":3,"href":"https:\/\/www.theprintspace.com\/help\/wp-json\/wp\/v2\/ht-kb\/1028\/revisions"}],"predecessor-version":[{"id":3435,"href":"https:\/\/www.theprintspace.com\/help\/wp-json\/wp\/v2\/ht-kb\/1028\/revisions\/3435"}],"wp:attachment":[{"href":"https:\/\/www.theprintspace.com\/help\/wp-json\/wp\/v2\/media?parent=1028"}],"wp:term":[{"taxonomy":"ht_kb_category","embeddable":true,"href":"https:\/\/www.theprintspace.com\/help\/wp-json\/wp\/v2\/ht-kb-category?post=1028"},{"taxonomy":"ht_kb_tag","embeddable":true,"href":"https:\/\/www.theprintspace.com\/help\/wp-json\/wp\/v2\/ht-kb-tag?post=1028"}],"curies":[{"name":"wp","href":"https:\/\/api.w.org\/{rel}","templated":true}]}}